{"id":4386,"date":"2022-08-05T09:40:36","date_gmt":"2022-08-05T13:40:36","guid":{"rendered":"https:\/\/gbta.org\/?page_id=4386"},"modified":"2025-06-27T03:35:19","modified_gmt":"2025-06-27T07:35:19","slug":"rivivi-gli-eventi-gbta","status":"publish","type":"page","link":"https:\/\/gbta.org\/pt\/regions\/europe\/italy\/rivivi-gli-eventi-gbta\/","title":{"rendered":"Rivivi gli eventi GBTA"},"content":{"rendered":"<style>.kb-row-layout-id4386_ee1630-3e > .kt-row-column-wrap{align-content:start;}:where(.kb-row-layout-id4386_ee1630-3e > .kt-row-column-wrap) > .wp-block-kadence-column{justify-content:start;}.kb-row-layout-id4386_ee1630-3e > .kt-row-column-wrap{column-gap:var(--global-kb-gap-md, 2rem);row-gap:var(--global-kb-gap-md, 2rem);max-width:var( --global-content-width, 1440px );padding-left:var(--global-content-edge-padding);padding-right:var(--global-content-edge-padding);padding-top:50px;padding-bottom:15px;grid-template-columns:minmax(0, 1fr);}.kb-row-layout-id4386_ee1630-3e > .kt-row-layout-overlay{opacity:0.30;}@media all and (max-width: 1024px){.kb-row-layout-id4386_ee1630-3e > .kt-row-column-wrap{grid-template-columns:minmax(0, 1fr);}}@media all and (max-width: 767px){.kb-row-layout-id4386_ee1630-3e > .kt-row-column-wrap{grid-template-columns:minmax(0, 1fr);}}<\/style><section class=\"kb-row-layout-wrap kb-row-layout-id4386_ee1630-3e alignnone wp-block-kadence-rowlayout\"><div class=\"kt-row-column-wrap kt-has-1-columns kt-row-layout-equal kt-tab-layout-inherit kt-mobile-layout-row kt-row-valign-top kb-theme-content-width\">\n<style>.kadence-column4386_129795-36 > .kt-inside-inner-col,.kadence-column4386_129795-36 > .kt-inside-inner-col:before{border-top-left-radius:0px;border-top-right-radius:0px;border-bottom-right-radius:0px;border-bottom-left-radius:0px;}.kadence-column4386_129795-36 > .kt-inside-inner-col{column-gap:var(--global-kb-gap-sm, 1rem);}.kadence-column4386_129795-36 > .kt-inside-inner-col{flex-direction:column;}.kadence-column4386_129795-36 > .kt-inside-inner-col > .aligncenter{width:100%;}.kadence-column4386_129795-36 > .kt-inside-inner-col:before{opacity:0.3;}.kadence-column4386_129795-36{position:relative;}@media all and (max-width: 1024px){.kadence-column4386_129795-36 > .kt-inside-inner-col{flex-direction:column;}}@media all and (max-width: 767px){.kadence-column4386_129795-36 > .kt-inside-inner-col{flex-direction:column;}}<\/style>\n<div class=\"wp-block-kadence-column kadence-column4386_129795-36 inner-column-1\"><div class=\"kt-inside-inner-col\">\n<p>GBTA ITALIA organizza, nel corso dell&#039;anno, eventos e webinar com finaliza\u00e7\u00e3o formativa, informativa e condicional. Gli appuntamenti sono rivolti a tutti coloro che lavorano em Ambito Business Travel e MICE independente dal loro ruolo espec\u00edfico nella filiera.<\/p>\n\n\n\n<p>Esta p\u00e1gina tem a finaliza\u00e7\u00e3o de raccogliere gli eventi gi\u00e0 svolti, sia per chi volesse rivederli, sia per chi li avesse persi.<\/p>\n<\/div><\/div>\n\n<\/div><\/section>\n\n<style>.kb-row-layout-id4386_e815ce-df > .kt-row-column-wrap{align-content:start;}:where(.kb-row-layout-id4386_e815ce-df > .kt-row-column-wrap) > .wp-block-kadence-column{justify-content:start;}.kb-row-layout-id4386_e815ce-df > .kt-row-column-wrap{column-gap:var(--global-kb-gap-md, 2rem);row-gap:var(--global-kb-gap-md, 2rem);max-width:var( --global-content-width, 1440px );padding-left:var(--global-content-edge-padding);padding-right:var(--global-content-edge-padding);padding-top:50px;padding-bottom:15px;grid-template-columns:minmax(0, 1fr);}.kb-row-layout-id4386_e815ce-df > .kt-row-layout-overlay{opacity:0.30;}@media all and (max-width: 1024px){.kb-row-layout-id4386_e815ce-df > .kt-row-column-wrap{grid-template-columns:minmax(0, 1fr);}}@media all and (max-width: 767px){.kb-row-layout-id4386_e815ce-df > .kt-row-column-wrap{grid-template-columns:minmax(0, 1fr);}}<\/style><section class=\"kb-row-layout-wrap kb-row-layout-id4386_e815ce-df alignnone wp-block-kadence-rowlayout\"><div class=\"kt-row-column-wrap kt-has-1-columns kt-row-layout-equal kt-tab-layout-inherit kt-mobile-layout-row kt-row-valign-top kb-theme-content-width\">\n<style>.kadence-column4386_2f26d2-a4 > .kt-inside-inner-col,.kadence-column4386_2f26d2-a4 > .kt-inside-inner-col:before{border-top-left-radius:0px;border-top-right-radius:0px;border-bottom-right-radius:0px;border-bottom-left-radius:0px;}.kadence-column4386_2f26d2-a4 > .kt-inside-inner-col{column-gap:var(--global-kb-gap-sm, 1rem);}.kadence-column4386_2f26d2-a4 > .kt-inside-inner-col{flex-direction:column;}.kadence-column4386_2f26d2-a4 > .kt-inside-inner-col > .aligncenter{width:100%;}.kadence-column4386_2f26d2-a4 > .kt-inside-inner-col:before{opacity:0.3;}.kadence-column4386_2f26d2-a4{position:relative;}@media all and (max-width: 1024px){.kadence-column4386_2f26d2-a4 > .kt-inside-inner-col{flex-direction:column;}}@media all and (max-width: 767px){.kadence-column4386_2f26d2-a4 > .kt-inside-inner-col{flex-direction:column;}}<\/style>\n<div class=\"wp-block-kadence-column kadence-column4386_2f26d2-a4 inner-column-1\"><div class=\"kt-inside-inner-col\"><style>.wp-block-kadence-advancedheading.kt-adv-heading4386_da32be-f5, .wp-block-kadence-advancedheading.kt-adv-heading4386_da32be-f5[data-kb-block=\"kb-adv-heading4386_da32be-f5\"]{font-style:normal;}.wp-block-kadence-advancedheading.kt-adv-heading4386_da32be-f5 mark.kt-highlight, .wp-block-kadence-advancedheading.kt-adv-heading4386_da32be-f5[data-kb-block=\"kb-adv-heading4386_da32be-f5\"] mark.kt-highlight{font-style:normal;color:#f76a0c;-webkit-box-decoration-break:clone;box-decoration-break:clone;padding-top:0px;padding-right:0px;padding-bottom:0px;padding-left:0px;}<\/style>\n<h2 class=\"kt-adv-heading4386_da32be-f5 wp-block-kadence-advancedheading\" data-kb-block=\"kb-adv-heading4386_da32be-f5\">Eventi passati<\/h2>\n\n\n\n<div class=\"wp-block-columns is-layout-flex wp-container-core-columns-is-layout-1 wp-block-columns-is-layout-flex\">\n<div class=\"wp-block-column is-layout-flow wp-block-column-is-layout-flow\">\n<p><strong><a href=\"https:\/\/hub.gbta.org\/video\/861\" target=\"_blank\" rel=\"noreferrer noopener\">Sicurezza, Cyber Attack e Business Travel<\/a><\/strong> <\/p>\n\n\n\n<p><strong>Roadshow Roma<\/strong> &#8211; 4 giugno 2025<br><br><a href=\"https:\/\/hub.gbta.org\/files\/4698\" target=\"_blank\" rel=\"noreferrer noopener\"><strong>Roadshow Florence<\/strong><\/a> &#8211; 14 maggio 2025<br><br><a href=\"https:\/\/hub.gbta.org\/files\/4695\" target=\"_blank\" rel=\"noreferrer noopener\"><strong>Roadshow Plus Milano<\/strong><\/a> &#8211; 1 Aprile 2025<br><br><a href=\"https:\/\/hub.gbta.org\/video\/853\" target=\"_blank\" rel=\"noreferrer noopener\"><strong>Webinar &#8220;Legge di Bilancio 2025 e spese di trasferta: cosa fare&#8221;<\/strong><\/a> &#8211; 5 febbraio 2025 (link to <\/p>\n\n\n\n<p><strong>Caf\u00e9 da manh\u00e3 GBTA Italia \u2013 Torino<\/strong> \u2013 4 de dezembro de 2024<\/p>\n\n\n\n<p><strong><a href=\"https:\/\/youtu.be\/3SgojzCpblA\" data-type=\"link\" data-id=\"https:\/\/youtu.be\/3SgojzCpblA\" target=\"_blank\" rel=\"noreferrer noopener\">Webinar: \u201cPerspectivas de viagens de neg\u00f3cios 2025: tend\u00eancias, pre\u00e7os e cen\u00e1rios\u201d<\/a> <\/strong>\u2013 21 de novembro de 2024<\/p>\n\n\n\n<p><a href=\"https:\/\/hub.gbta.org\/files\/4647\" data-type=\"link\" data-id=\"https:\/\/hub.gbta.org\/files\/4647\" target=\"_blank\" rel=\"noreferrer noopener\"><strong>Confer\u00eancia GBTA 2024 Mil\u00e3o<\/strong><\/a> \u2013 3 de outubro<\/p>\n\n\n\n<p><a href=\"https:\/\/hub.gbta.org\/video\/692\" data-type=\"link\" data-id=\"https:\/\/hub.gbta.org\/video\/692\" target=\"_blank\" rel=\"noreferrer noopener\"><strong>Webinar \u2013 Alimenta\u00e7\u00e3o e sa\u00fade durante a viagem de neg\u00f3cios<\/strong><\/a> \u2013 16 de julho de 2024<\/p>\n\n\n\n<p><strong><a href=\"https:\/\/hub.gbta.org\/files\/4507\" data-type=\"link\" data-id=\"https:\/\/hub.gbta.org\/files\/4507\" target=\"_blank\" rel=\"noreferrer noopener\">Roadshow GBTA It\u00e1lia \u2013 P\u00e1dua<\/a><\/strong> \u2013 6 de junho de 2024<\/p>\n\n\n\n<p><strong>Caf\u00e9 da manh\u00e3 GBTA It\u00e1lia \u2013 Mil\u00e3o<\/strong> \u2013 11 de abril de 2024<\/p>\n\n\n\n<p><a href=\"https:\/\/hub.gbta.org\/files\/4400\" data-type=\"link\" data-id=\"https:\/\/hub.gbta.org\/files\/4400\" target=\"_blank\" rel=\"noreferrer noopener\"><strong>Roadshow GBTA Italia \u2013 Roma \u201cImpatti geopolitici su Business Travel e Mice\u201d<\/strong><\/a> \u2013 26 de mar\u00e7o de 2024<\/p>\n\n\n\n<p><a href=\"https:\/\/bcove.video\/42LJKI3\" data-type=\"link\" data-id=\"https:\/\/bcove.video\/42LJKI3\" target=\"_blank\" rel=\"noreferrer noopener\"><strong>Webinar \u201cEvolu\u00e7\u00e3o e perspectivas do transporte via terra nel Business Travel<\/strong><\/a> \u2013 22 de fevereiro de 2024<\/p>\n\n\n\n<p><strong><a href=\"https:\/\/hub.gbta.org\/video\/614\" data-type=\"link\" data-id=\"https:\/\/hub.gbta.org\/video\/614\">Webinar \u2013 Previs\u00e3o global de viagens de neg\u00f3cios para 2024: evolu\u00e7\u00e3o do mercado e resultados para afront\u00e1-lo ao melhor<\/a><\/strong> \u2013 30 de novembro de 2023<\/p>\n\n\n\n<p><a href=\"https:\/\/hub.gbta.org\/files\/4224\"><strong>Confer\u00eancia GBTA 2023 Mil\u00e3o<\/strong><\/a> \u2013 5 outubro<\/p>\n\n\n\n<p><a href=\"https:\/\/hub.gbta.org\/video\/513\"><strong>Converg\u00eancia entre viagens de neg\u00f3cios e mobilidade: impactos e oportunidades<\/strong><\/a>, 11 de julho de 2023<\/p>\n\n\n\n<p><strong>Roadshow Roma \u2013 \u201cL&#039;evoluzione del trasporto aereo post crisi e le oportunit\u00e0 per le aziende\u201d, 25 de maio de 2023<\/strong><\/p>\n\n\n\n<p><strong><a href=\"https:\/\/hub.gbta.org\/video\/505\">Comunicar de forma inclusiva e transgeracional <\/a><\/strong> ,4 de abril de 2023<br><br><strong>Roadshow Bolonha \u2013 \u201cL&#039;evoluzione del mercato e le opportunit\u00e0 per i Travel Manager\u201d \u2013 23 de mar\u00e7o de 2023<\/strong><\/p>\n\n\n\n<p><strong><a href=\"https:\/\/hub.gbta.org\/video\/454\">Previs\u00e3o global de viagens de neg\u00f3cios para 2023 (italiano)<\/a> <\/strong> , 1\u00ba de dezembro de 2022<\/p>\n\n\n\n<p><strong><a href=\"https:\/\/hub.gbta.org\/files\/4086\">Confer\u00eancia Anual GBTA It\u00e1lia \u2013 Mil\u00e3o<\/a> <\/strong>, 5 de outubro de 2022<\/p>\n\n\n\n<p><strong><a href=\"https:\/\/hub.gbta.org\/videos#video-listing\">A mentalidade digital nas viagens de neg\u00f3cios <\/a><\/strong> , 14 de junho de 2022<br><\/p>\n<\/div>\n\n\n\n<div class=\"wp-block-column is-layout-flow wp-block-column-is-layout-flow\">\n<p><strong><a href=\"https:\/\/youtu.be\/u1TWbFznUmU\" target=\"_blank\" rel=\"noreferrer noopener\">Sostenibilit\u00e0 \u2013 Dalla Teoria Alla Pratica<\/a><\/strong>, 28 de abril de 2022<\/p>\n\n\n\n<p><strong><a rel=\"noreferrer noopener\" href=\"https:\/\/hub.gbta.org\/groups\/reviews\/item\/20\/11\/3026?_ga=2.24408378.1894150051.1658985918-1494869180.1658985915\" target=\"_blank\">O Impacto da Guerra na Avia\u00e7\u00e3o \u2013 Ucr\u00e2nia 2022<\/a><\/strong>, 7 de abril de 2022<\/p>\n\n\n\n<p><strong><a href=\"https:\/\/hub.gbta.org\/groups\/reviews\/item\/20\/11\/3018?_ga=2.246938628.1894150051.1658985918-1494869180.1658985915\" target=\"_blank\" rel=\"noreferrer noopener\">Simplificando, gerindo complessit\u00e0 e evoluindo de seus sistemas de pagamento<\/a><\/strong>, 22 de fevereiro de 2022<\/p>\n\n\n\n<p><strong><a href=\"https:\/\/gbta.org\/pt\/calendar\/all-programs\/pageid\/eventdetails\/eventid\/1256\/?eventstartdate=11\/9\/2021 9:30:00 am&amp;eventenddate=11\/9\/2021 4:00:00 pm\">Preparar. Seguro. Viagem. Confer\u00eancia GBTA Annua \u2013 Mil\u00e3o<\/a>,<\/strong> 9 de novembro de 2021<\/p>\n\n\n\n<p><strong><a href=\"https:\/\/www.youtube.com\/watch?v=XaYDuPKkzqQ\" target=\"_blank\" rel=\"noreferrer noopener\">Il Business Travel alla prova del nove<\/a><\/strong>, 9 de setembro de 2021<\/p>\n\n\n\n<p><strong><a href=\"https:\/\/www.youtube.com\/watch?v=v_rsLFoVd6Q\" target=\"_blank\" rel=\"noreferrer noopener\">Pass e la sfida per il business travel<\/a><\/strong>, 9 de Luglio de 2021<\/p>\n\n\n\n<p><strong><a href=\"https:\/\/players.brightcove.net\/4179652749001\/HJGV8JRrZz_default\/index.html?videoId=6255430273001\" target=\"_blank\" rel=\"noreferrer noopener\">Vacinas, regula\u00e7\u00f5es e receitas de viagens de neg\u00f3cios<\/a><\/strong>, 13 Maggio 2021<\/p>\n\n\n\n<p><strong><a rel=\"noreferrer noopener\" href=\"http:\/\/players.brightcove.net\/4179652749001\/zCxFmspAO_default\/index.html?videoId=6211219364001\" target=\"_blank\">TMC, Vettori aerei, Aziende \u2013 La crisi Covid-19 apre a nuove regole comerciali. Cosa aspettarsi e vem afrontar oportunidades e riscos<\/a><\/strong>, 20 de novembro de 2020<\/p>\n\n\n\n<p><strong><a href=\"http:\/\/players.brightcove.net\/4179652749001\/zCxFmspAO_default\/index.html?videoId=6211217804001\" target=\"_blank\" rel=\"noreferrer noopener\">Eventi Virtuali e Ibridi: un Futuro in Evoluzione<\/a><\/strong>, 19 de novembro de 2020<\/p>\n\n\n\n<p><strong><a rel=\"noreferrer noopener\" href=\"http:\/\/players.brightcove.net\/4179652749001\/zCxFmspAO_default\/index.html?videoId=6210652581001\" target=\"_blank\">L&#039;Impatto del Covid: Trasporto aereo e outlook sul business travel | O impacto do Covid: transporte a\u00e9reo e perspectivas de viagens de neg\u00f3cios<\/a><\/strong>, 18 de novembro de 2020<\/p>\n\n\n\n<p><strong><a rel=\"noreferrer noopener\" href=\"http:\/\/players.brightcove.net\/4179652749001\/zCxFmspAO_default\/index.html?videoId=6210710397001\" target=\"_blank\">Sua jornada para a mudan\u00e7a digital: explore le opportunit\u00e0 nel digitale per un viaggio smart<\/a><\/strong>, 17 de novembro de 2020<br><br><strong><a rel=\"noreferrer noopener\" href=\"https:\/\/players.brightcove.net\/4179652749001\/zCxFmspAO_default\/index.html?videoId=6194267915001\" target=\"_blank\">Gest\u00e3o de receitas, acomoda\u00e7\u00f5es, gerente de viagens \u2013 La crisi Covid-19 apre a nuove regole comerciali. Cosa aspettarsi e venha afrontar oportunidades e riscos<\/a><\/strong>, 16 de novembro de 2020<\/p>\n\n\n\n<p><strong><a href=\"https:\/\/players.brightcove.net\/4179652749001\/zCxFmspAO_default\/index.html?videoId=6194267915001\" target=\"_blank\" rel=\"noreferrer noopener\">Il nuovo concetto di Sicurezza in tempi di Covid-19<br>Take2: venha afrontar a volta \u00e0s aulas<\/a><\/strong>, 22 de setembro de 2020<\/p>\n\n\n\n<p><strong><a href=\"http:\/\/players.brightcove.net\/4179652749001\/zCxFmspAO_default\/index.html?videoId=6168027647001\" target=\"_blank\" rel=\"noreferrer noopener\">GBTA Italia HOMESHOW : il roadshow non si ferma e diventa virtuale<\/a><\/strong>, 25 de julho de 2020<\/p>\n\n\n\n<p><strong><a href=\"https:\/\/players.brightcove.net\/4179652749001\/zCxFmspAO_default\/index.html?videoId=6164629219001\" target=\"_blank\" rel=\"noreferrer noopener\">O novo conceito de Sicurezza ai tempi del Covid19<\/a><\/strong>, 11 de julho de 2020<\/p>\n\n\n\n<p><strong><a rel=\"noreferrer noopener\" href=\"https:\/\/players.brightcove.net\/4179652749001\/zCxFmspAO_default\/index.html?videoId=6158019849001\" target=\"_blank\">Impatto del covid19 sul viagens de neg\u00f3cios<\/a><\/strong>, 30 de abril de 2020<\/p>\n\n\n\n<p><strong><a href=\"https:\/\/players.brightcove.net\/4179652749001\/zCxFmspAO_default\/index.html?videoId=6164655475001\" target=\"_blank\" rel=\"noreferrer noopener\">Sess\u00e3o de perguntas e respostas: L&#039;impatto del Covid19 nel Business Travel<\/a><\/strong>, 26 Maggio 2020<\/p>\n<\/div>\n<\/div>\n<\/div><\/div>\n\n<\/div><\/section>","protected":false},"excerpt":{"rendered":"<p>GBTA ITALIA organiza, no final do ano, eventos e webinar com finaliza\u00e7\u00e3o formativa, informativa e de condicionamento. Gli appuntamenti sono rivolti a tutti coloro che lavorano in ambito Business Travel e\u2026<\/p>","protected":false},"author":25,"featured_media":0,"parent":272,"menu_order":0,"comment_status":"closed","ping_status":"closed","template":"","meta":{"_acf_changed":false,"_seopress_robots_primary_cat":"","_seopress_titles_title":"","_seopress_titles_desc":"","_seopress_robots_index":"yes","om_disable_all_campaigns":false,"_relevanssi_hide_post":"","_relevanssi_hide_content":"","_relevanssi_pin_for_all":"","_relevanssi_pin_keywords":"","_relevanssi_unpin_keywords":"","_relevanssi_related_keywords":"","_relevanssi_related_include_ids":"","_relevanssi_related_exclude_ids":"","_relevanssi_related_no_append":"","_relevanssi_related_not_related":"","_relevanssi_related_posts":"1,415,661,662,664,666","_relevanssi_noindex_reason":"","_kad_blocks_custom_css":"","_kad_blocks_head_custom_js":"","_kad_blocks_body_custom_js":"","_kad_blocks_footer_custom_js":"","_kad_post_transparent":"","_kad_post_title":"","_kad_post_layout":"","_kad_post_sidebar_id":"","_kad_post_content_style":"","_kad_post_vertical_padding":"","_kad_post_feature":"","_kad_post_feature_position":"","_kad_post_header":false,"_kad_post_footer":false,"footnotes":"","_links_to":"","_links_to_target":""},"class_list":["post-4386","page","type-page","status-publish","hentry"],"acf":[],"featured_image_src_large":false,"author_info":{"display_name":"jcampbell","author_link":"https:\/\/gbta.org\/pt\/author\/jcampbell\/"},"comment_info":"","taxonomy_info":[],"featured_image_src":null,"featured_image_src_square":null,"mfb_rest_fields":["featured_image_src_large","author_info","comment_info","taxonomy_info","featured_image_src","featured_image_src_square"],"_links":{"self":[{"href":"https:\/\/gbta.org\/pt\/wp-json\/wp\/v2\/pages\/4386","targetHints":{"allow":["GET"]}}],"collection":[{"href":"https:\/\/gbta.org\/pt\/wp-json\/wp\/v2\/pages"}],"about":[{"href":"https:\/\/gbta.org\/pt\/wp-json\/wp\/v2\/types\/page"}],"author":[{"embeddable":true,"href":"https:\/\/gbta.org\/pt\/wp-json\/wp\/v2\/users\/25"}],"replies":[{"embeddable":true,"href":"https:\/\/gbta.org\/pt\/wp-json\/wp\/v2\/comments?post=4386"}],"version-history":[{"count":4,"href":"https:\/\/gbta.org\/pt\/wp-json\/wp\/v2\/pages\/4386\/revisions"}],"predecessor-version":[{"id":24171,"href":"https:\/\/gbta.org\/pt\/wp-json\/wp\/v2\/pages\/4386\/revisions\/24171"}],"up":[{"embeddable":true,"href":"https:\/\/gbta.org\/pt\/wp-json\/wp\/v2\/pages\/272"}],"wp:attachment":[{"href":"https:\/\/gbta.org\/pt\/wp-json\/wp\/v2\/media?parent=4386"}],"curies":[{"name":"wp","href":"https:\/\/api.w.org\/{rel}","templated":true}]}}